{"id":970,"date":"2024-05-09T16:20:02","date_gmt":"2024-05-09T14:20:02","guid":{"rendered":"https:\/\/martinberrocal.com\/politique-de-confidentialite\/"},"modified":"2024-09-10T09:22:58","modified_gmt":"2024-09-10T07:22:58","slug":"politique-de-confidentialite","status":"publish","type":"page","link":"https:\/\/martinberrocal.com\/fr\/politique-de-confidentialite\/","title":{"rendered":"Politique de confidentialit\u00e9"},"content":{"rendered":"\t\t<div data-elementor-type=\"wp-page\" data-elementor-id=\"970\" class=\"elementor elementor-970 elementor-36\" data-elementor-post-type=\"page\">\n\t\t\t\t<div class=\"elementor-element elementor-element-dac46da e-flex e-con-boxed e-con e-parent\" data-id=\"dac46da\" data-element_type=\"container\" data-e-type=\"container\">\n\t\t\t\t\t<div class=\"e-con-inner\">\n\t\t\t\t<div class=\"elementor-element elementor-element-7577bfc animated-slow elementor-widget elementor-widget-heading\" data-id=\"7577bfc\" data-element_type=\"widget\" data-e-type=\"widget\" data-settings=\"{&quot;_animation&quot;:&quot;none&quot;,&quot;_animation_delay&quot;:300}\" data-widget_type=\"heading.default\">\n\t\t\t\t<div class=\"elementor-widget-container\">\n\t\t\t\t\t<h1 class=\"elementor-heading-title elementor-size-default\">POLITIQUE DE CONFIDENTIALIT\u00c9<\/h1>\t\t\t\t<\/div>\n\t\t\t\t<\/div>\n\t\t\t\t\t<\/div>\n\t\t\t\t<\/div>\n\t\t\t\t<section class=\"elementor-section elementor-top-section elementor-element elementor-element-5d1537db elementor-section-boxed elementor-section-height-default elementor-section-height-default\" data-id=\"5d1537db\" data-element_type=\"section\" data-e-type=\"section\">\n\t\t\t\t\t\t<div class=\"elementor-container elementor-column-gap-default\">\n\t\t\t\t\t<div class=\"elementor-column elementor-col-100 elementor-top-column elementor-element elementor-element-42002943\" data-id=\"42002943\" data-element_type=\"column\" data-e-type=\"column\">\n\t\t\t<div class=\"elementor-widget-wrap elementor-element-populated\">\n\t\t\t\t\t\t<div class=\"elementor-element elementor-element-1b6f5be9 elementor-widget elementor-widget-text-editor\" data-id=\"1b6f5be9\" data-element_type=\"widget\" data-e-type=\"widget\" data-widget_type=\"text-editor.default\">\n\t\t\t\t<div class=\"elementor-widget-container\">\n\t\t\t\t\t\t\t\t\t<p>Cette politique de confidentialit\u00e9 s&rsquo;applique au traitement des donn\u00e9es personnelles des clients et\/ou utilisateurs du site www.martinberrocal.com dont le responsable du traitement est <strong>EFECTO SOLUCIONES, SL<\/strong><\/p>\n\t\t\t\t\t\t\t\t<\/div>\n\t\t\t\t<\/div>\n\t\t\t\t<div class=\"elementor-element elementor-element-21a9797 elementor-widget elementor-widget-heading\" data-id=\"21a9797\" data-element_type=\"widget\" data-e-type=\"widget\" data-widget_type=\"heading.default\">\n\t\t\t\t<div class=\"elementor-widget-container\">\n\t\t\t\t\t<h3 class=\"elementor-heading-title elementor-size-default\">CONFIDENTIALIT\u00c9 ET PROTECTION DES DONN\u00c9ES<\/h3>\t\t\t\t<\/div>\n\t\t\t\t<\/div>\n\t\t\t\t<div class=\"elementor-element elementor-element-6fabefd0 elementor-widget elementor-widget-text-editor\" data-id=\"6fabefd0\" data-element_type=\"widget\" data-e-type=\"widget\" data-widget_type=\"text-editor.default\">\n\t\t\t\t<div class=\"elementor-widget-container\">\n\t\t\t\t\t\t\t\t\t<p>L&rsquo;objectif de cette politique de confidentialit\u00e9 est de fournir des informations sur vos droits en vertu des dispositions du R\u00c8GLEMENT (UE) 2016\/679 DU PARLEMENT EUROP\u00c9EN ET DU CONSEIL du 27 avril 2016 relatif \u00e0 la protection des personnes physiques \u00e0 l&rsquo;\u00e9gard du traitement des donn\u00e9es \u00e0 caract\u00e8re personnel et \u00e0 la libre circulation de ces donn\u00e9es, et abrogeant la directive 95\/46\/CE (r\u00e8glement g\u00e9n\u00e9ral sur la protection des donn\u00e9es) et de la LO 3\/2018.<br \/>\n<br \/>Informations sur vos donn\u00e9es personnelles, conform\u00e9ment \u00e0 l&rsquo;article 13 de la section 2 du r\u00e8glement susmentionn\u00e9 et \u00e0 la LO 3\/2018. En nous fournissant vos donn\u00e9es, le client et\/ou l&rsquo;utilisateur d\u00e9clare avoir lu et compris la pr\u00e9sente politique de confidentialit\u00e9, en donnant son consentement explicite et sans \u00e9quivoque au traitement de ses donn\u00e9es personnelles conform\u00e9ment aux finalit\u00e9s et aux termes exprim\u00e9s ici. <br \/><strong>EFECTO SOLUCIONES, S.L.<\/strong> peut modifier cette politique de confidentialit\u00e9 afin de l&rsquo;adapter aux nouvelles l\u00e9gislations, jurisprudences ou interpr\u00e9tations de l&rsquo;Agence espagnole de protection des donn\u00e9es.<br \/>\nCes conditions de confidentialit\u00e9 peuvent \u00eatre compl\u00e9t\u00e9es par les mentions l\u00e9gales, la politique en mati\u00e8re de cookies et les conditions g\u00e9n\u00e9rales qui, le cas \u00e9ch\u00e9ant, sont recueillies pour certains produits ou services, si cet acc\u00e8s implique une sp\u00e9cialit\u00e9 en termes de protection des donn\u00e9es \u00e0 caract\u00e8re personnel. <\/p>\n\t\t\t\t\t\t\t\t<\/div>\n\t\t\t\t<\/div>\n\t\t\t\t\t<\/div>\n\t\t<\/div>\n\t\t\t\t\t<\/div>\n\t\t<\/section>\n\t\t\t\t<section class=\"elementor-section elementor-top-section elementor-element elementor-element-66332765 elementor-section-boxed elementor-section-height-default elementor-section-height-default\" data-id=\"66332765\" data-element_type=\"section\" data-e-type=\"section\">\n\t\t\t\t\t\t<div class=\"elementor-container elementor-column-gap-default\">\n\t\t\t\t\t<div class=\"elementor-column elementor-col-100 elementor-top-column elementor-element elementor-element-7b6b0db3\" data-id=\"7b6b0db3\" data-element_type=\"column\" data-e-type=\"column\">\n\t\t\t<div class=\"elementor-widget-wrap elementor-element-populated\">\n\t\t\t\t\t\t<div class=\"elementor-element elementor-element-101a3629 elementor-widget elementor-widget-text-editor\" data-id=\"101a3629\" data-element_type=\"widget\" data-e-type=\"widget\" data-widget_type=\"text-editor.default\">\n\t\t\t\t<div class=\"elementor-widget-container\">\n\t\t\t\t\t\t\t\t\t<div class=\"wpb_text_column wpb_content_element \">\n<div class=\"wpb_wrapper\"> <\/div>\n<\/div>\n<div class=\"wpb_text_column wpb_content_element \">\n<div class=\"wpb_wrapper\">\n<table id=\"tablepress-2\" class=\"tablepress tablepress-id-2\">\n<thead>\n<tr class=\"row-1 odd\">\n<th class=\"column-1\" colspan=\"2\">\n<p align=\"center\">INFORMATIONS DE BASE SUR LA PROTECTION DES DONN\u00c9ES<\/p>\n<\/th>\n<\/tr>\n<\/thead>\n<tbody class=\"row-hover\">\n<tr class=\"row-2 even\">\n<td class=\"column-1\">Site Web<\/td> <td class=\"column-2\">martinberrocal.com<\/td>\n<\/tr>\n<tr class=\"row-3 odd\">\n<td class=\"column-1\">Propri\u00e9taire du site<\/td><td class=\"column-2\">EFECTO SOLUCIONES, S.L. <a href=\"#i_titular\">+ info<\/a><\/td>\n<\/tr>\n<tr class=\"row-4 even\">\n<td class=\"column-1\">Responsable du traitement des donn\u00e9es<\/td><td class=\"column-2\">EFECTO SOLUCIONES, S.L., ci-apr\u00e8s \u00ab\u00a0la soci\u00e9t\u00e9\u00a0\u00bb <a href=\"#i_responsable\">+ info<\/a><\/td>\n<\/tr>\n<tr class=\"row-5 odd\">\n<td class=\"column-1\">Objectif<\/td> <td class=\"column-2\">Gestion, \u00e9tude et r\u00e9solution des requ\u00eates effectu\u00e9es via le Web<br> Envoi de publicit\u00e9 des produits et services de l&rsquo;entreprise <a href=\"#i_finalidad\">+ infos<\/a><\/td>\n<\/tr>\n<tr class=\"row-6 even\">\n<td class=\"column-1\">L\u00e9gitimation<\/td><td class=\"column-2\">Consentement donn\u00e9 par l&rsquo;utilisateur <a href=\"#i_legitimacion\">+ info<\/a><\/td>\n<\/tr>\n<tr class=\"row-7 odd\">\n<td class=\"column-1\">\u00c2ge l\u00e9gal du consentement<\/td><td class=\"column-2\">L&rsquo;utilisateur certifie qu&rsquo;il est \u00e2g\u00e9 de plus de 14 ans et qu&rsquo;il a donc la capacit\u00e9 juridique n\u00e9cessaire pour consentir au traitement de ses donn\u00e9es personnelles conform\u00e9ment aux dispositions de la pr\u00e9sente politique de confidentialit\u00e9.<\/td>\n<\/tr>\n<tr class=\"row-8 even\">\n<td class=\"column-1\">Destinataires<\/td>\n<td class=\"column-2\">Les donn\u00e9es seront communiqu\u00e9es \u00e0 des tiers afin de r\u00e9aliser les objectifs d\u00e9crits dans la pr\u00e9sente politique de confidentialit\u00e9.\nEn aucun cas, les donn\u00e9es ne seront transf\u00e9r\u00e9es \u00e0 des tiers \u00e0 des fins autres que celles d\u00e9crites dans le pr\u00e9sent document. <\/td>\n<\/tr>\n<tr class=\"row-9 odd\">\n<td class=\"column-1\">Les droits<\/td><td class=\"column-2\">Acc\u00e8s, rectification et suppression des donn\u00e9es, ainsi que d&rsquo;autres droits, comme expliqu\u00e9 dans les informations compl\u00e9mentaires.<\/td>\n<\/tr>\n<tr class=\"row-10 even\">\n<td class=\"column-1\">Informations compl\u00e9mentaires<\/td><td class=\"column-2\">Vous pouvez consulter les informations compl\u00e9mentaires et d\u00e9taill\u00e9es sur la protection des donn\u00e9es en cliquant ici <a href=\"#i_info\">+ info<\/a><\/td>\n<\/tr>\n<\/tbody>\n<\/table>\n<\/div>\n<\/div>\t\t\t\t\t\t\t\t<\/div>\n\t\t\t\t<\/div>\n\t\t\t\t<div class=\"elementor-element elementor-element-4d23a2b8 elementor-widget elementor-widget-heading\" data-id=\"4d23a2b8\" data-element_type=\"widget\" data-e-type=\"widget\" data-widget_type=\"heading.default\">\n\t\t\t\t<div class=\"elementor-widget-container\">\n\t\t\t\t\t<h2 class=\"elementor-heading-title elementor-size-default\">INFORMATIONS COMPL\u00c9MENTAIRES SUR LA PROTECTION DES DONN\u00c9ES<\/h2>\t\t\t\t<\/div>\n\t\t\t\t<\/div>\n\t\t\t\t\t<\/div>\n\t\t<\/div>\n\t\t\t\t\t<\/div>\n\t\t<\/section>\n\t\t\t\t<section class=\"elementor-section elementor-top-section elementor-element elementor-element-6cc34699 elementor-section-boxed elementor-section-height-default elementor-section-height-default\" data-id=\"6cc34699\" data-element_type=\"section\" data-e-type=\"section\">\n\t\t\t\t\t\t<div class=\"elementor-container elementor-column-gap-default\">\n\t\t\t\t\t<div class=\"elementor-column elementor-col-100 elementor-top-column elementor-element elementor-element-384ba7a3\" data-id=\"384ba7a3\" data-element_type=\"column\" data-e-type=\"column\">\n\t\t\t<div class=\"elementor-widget-wrap elementor-element-populated\">\n\t\t\t\t\t\t<div class=\"elementor-element elementor-element-7770c0a5 elementor-widget elementor-widget-heading\" data-id=\"7770c0a5\" data-element_type=\"widget\" data-e-type=\"widget\" id=\"i_titular\" data-widget_type=\"heading.default\">\n\t\t\t\t<div class=\"elementor-widget-container\">\n\t\t\t\t\t<h3 class=\"elementor-heading-title elementor-size-default\">1.1 Qui est le propri\u00e9taire de ce site web ?<\/h3>\t\t\t\t<\/div>\n\t\t\t\t<\/div>\n\t\t\t\t<div class=\"elementor-element elementor-element-6bd4e4c2 elementor-widget elementor-widget-text-editor\" data-id=\"6bd4e4c2\" data-element_type=\"widget\" data-e-type=\"widget\" data-widget_type=\"text-editor.default\">\n\t\t\t\t<div class=\"elementor-widget-container\">\n\t\t\t\t\t\t\t\t\t<p><strong>Identit\u00e9 :<\/strong> EFECTO SOLUCIONES, S.L.<br \/><strong>NUM\u00c9RO DE TVA :<\/strong> B91929539<br \/><strong>Donn\u00e9es du registre :<\/strong> registre des soci\u00e9t\u00e9s de S\u00e9ville, volume 5382, folio 52, section 8, page 89848, entr\u00e9e 1.<br \/><strong>Adresse postale :<\/strong> Pol.<br \/>\nInd.<br \/>\nSan Nicol\u00e1s, Calle Siete, Nave 4 &#8211; 41500 Alcal\u00e1 de Guadaira (Sevilla)  <br \/><strong>T\u00e9l\u00e9phone :<\/strong> 954409040<br \/><strong>Courriel :<\/strong> <a class=\"ql-link\" href=\"mailto:info@martinberrocal.com\" target=\"_blank\" rel=\"noopener noreferrer\">info@martinberrocal.com<\/a><\/p>\n\t\t\t\t\t\t\t\t<\/div>\n\t\t\t\t<\/div>\n\t\t\t\t\t<\/div>\n\t\t<\/div>\n\t\t\t\t\t<\/div>\n\t\t<\/section>\n\t\t\t\t<section class=\"elementor-section elementor-top-section elementor-element elementor-element-5de267b4 elementor-section-boxed elementor-section-height-default elementor-section-height-default\" data-id=\"5de267b4\" data-element_type=\"section\" data-e-type=\"section\">\n\t\t\t\t\t\t<div class=\"elementor-container elementor-column-gap-default\">\n\t\t\t\t\t<div class=\"elementor-column elementor-col-100 elementor-top-column elementor-element elementor-element-22e0bf42\" data-id=\"22e0bf42\" data-element_type=\"column\" data-e-type=\"column\">\n\t\t\t<div class=\"elementor-widget-wrap elementor-element-populated\">\n\t\t\t\t\t\t<div class=\"elementor-element elementor-element-1b2dad0b elementor-widget elementor-widget-heading\" data-id=\"1b2dad0b\" data-element_type=\"widget\" data-e-type=\"widget\" id=\"i_responsable\" data-widget_type=\"heading.default\">\n\t\t\t\t<div class=\"elementor-widget-container\">\n\t\t\t\t\t<h3 class=\"elementor-heading-title elementor-size-default\">1.2 Qui est le responsable du traitement de vos donn\u00e9es \u00e0 caract\u00e8re personnel ?<\/h3>\t\t\t\t<\/div>\n\t\t\t\t<\/div>\n\t\t\t\t<div class=\"elementor-element elementor-element-6df2ab7e elementor-widget elementor-widget-text-editor\" data-id=\"6df2ab7e\" data-element_type=\"widget\" data-e-type=\"widget\" data-widget_type=\"text-editor.default\">\n\t\t\t\t<div class=\"elementor-widget-container\">\n\t\t\t\t\t\t\t\t\t<p><strong>Identit\u00e9 :<\/strong> EFECTO SOLUCIONES, S.L.<br \/><strong>NUM\u00c9RO DE TVA :<\/strong> B91929539<br \/><strong>Donn\u00e9es du registre :<\/strong> registre des soci\u00e9t\u00e9s de S\u00e9ville, volume 5382, folio 52, section 8, page 89848, entr\u00e9e 1.<br \/><strong>Adresse postale :<\/strong> Pol.<br \/>\nInd.<br \/>\nSan Nicol\u00e1s, Calle Siete, Nave 4 &#8211; 41500 Alcal\u00e1 de Guadaira (Sevilla)  <br \/><strong>T\u00e9l\u00e9phone :<\/strong> 954409040<br \/><strong>Courriel :<\/strong> <a class=\"ql-link\" href=\"mailto:info@martinberrocal.com\" target=\"_blank\" rel=\"noopener noreferrer\">info@martinberrocal.com<\/a><\/p>\n\t\t\t\t\t\t\t\t<\/div>\n\t\t\t\t<\/div>\n\t\t\t\t\t<\/div>\n\t\t<\/div>\n\t\t\t\t\t<\/div>\n\t\t<\/section>\n\t\t\t\t<section class=\"elementor-section elementor-top-section elementor-element elementor-element-238863a9 elementor-section-boxed elementor-section-height-default elementor-section-height-default\" data-id=\"238863a9\" data-element_type=\"section\" data-e-type=\"section\">\n\t\t\t\t\t\t<div class=\"elementor-container elementor-column-gap-default\">\n\t\t\t\t\t<div class=\"elementor-column elementor-col-100 elementor-top-column elementor-element elementor-element-218bc117\" data-id=\"218bc117\" data-element_type=\"column\" data-e-type=\"column\">\n\t\t\t<div class=\"elementor-widget-wrap elementor-element-populated\">\n\t\t\t\t\t\t<div class=\"elementor-element elementor-element-53b320c7 elementor-widget elementor-widget-heading\" data-id=\"53b320c7\" data-element_type=\"widget\" data-e-type=\"widget\" id=\"i_finalidad\" data-widget_type=\"heading.default\">\n\t\t\t\t<div class=\"elementor-widget-container\">\n\t\t\t\t\t<h3 class=\"elementor-heading-title elementor-size-default\">1.3 Dans quel but traitons-nous vos donn\u00e9es \u00e0 caract\u00e8re personnel et pendant combien de temps les conserverons-nous ?<\/h3>\t\t\t\t<\/div>\n\t\t\t\t<\/div>\n\t\t\t\t<div class=\"elementor-element elementor-element-2b7b622a elementor-widget elementor-widget-text-editor\" data-id=\"2b7b622a\" data-element_type=\"widget\" data-e-type=\"widget\" data-widget_type=\"text-editor.default\">\n\t\t\t\t<div class=\"elementor-widget-container\">\n\t\t\t\t\t\t\t\t\t<p>Vos donn\u00e9es personnelles ne seront trait\u00e9es par l&rsquo;entreprise que pour des finalit\u00e9s d\u00e9termin\u00e9es, explicites et l\u00e9gitimes et ne seront pas trait\u00e9es d&rsquo;une mani\u00e8re incompatible avec ces finalit\u00e9s.<\/p>\n<p>Objet :<\/p>\n<p><em><strong>Objectif 1 :<\/strong><\/em>&gt;&gt; pour tous les utilisateurs Gestion, \u00e9tude et r\u00e9solution des questions pos\u00e9es par l&rsquo;interm\u00e9diaire du site web.<\/p>\n<p><g id=\"gid_0\"><g id=\"gid_1\">Objectif 2 :<\/g><\/g> <g id=\"gid_2\">pour <\/g><g id=\"gid_3\">tous <\/g><g id=\"gid_4\">les <\/g><g id=\"gid_5\">utilisateurs<\/g> <g id=\"gid_6\">qui <\/g><g id=\"gid_7\">consentent \u00e0 cette fin.<\/g> <x id=\"gid_8\"><\/x><x id=\"gid_9\"><\/x> <g id=\"gid_10\">Envoi <\/g><g id=\"gid_11\">de <\/g><g id=\"gid_12\">communications <\/g><g id=\"gid_13\">communications commerciales <\/g><g id=\"gid_14\">de <\/g><br role=\"presentation\"><g id=\"gid_15\">produits et services de l&rsquo;entreprise.<\/g>ltrpresentationltrpresentationltrpresentationltrpresentationltrpresentationltrpresentationltrpresentationltrpresentationltrpresentationltrpresentationltrpresentationpresentationltrpresentationL&rsquo;entreprise conservera vos donn\u00e9es personnelles pendant la dur\u00e9e n\u00e9cessaire en fonction des informations fournies et des p\u00e9riodes de conservation pr\u00e9vues par la r\u00e9glementation applicable.ltrpresentation<g id=\"gid_0\"><g id=\"gid_1\">EFECTO SOLUCIONES, S.L<\/g> <g id=\"gid_2\">traitera les donn\u00e9es personnelles fournies par les utilisateurs par le biais des formulaires \u00e9lectroniques disponibles sur le site web <\/g><g id=\"gid_3\">formulaires \u00e9lectroniques sur le site web <\/g> <g id=\"gid_4\">www.<\/g><g id=\"gid_5\">esseeds.com<\/g> <g id=\"gid_6\">pour les finalit\u00e9s suivantes <\/g><g id=\"gid_7\">identifi\u00e9es ci-dessous :<\/g> <\/g><g id=\"gid_8\"><br role=\"presentation\"><g id=\"gid_9\">a.<\/g> <g id=\"gid_10\">En mati\u00e8re de<\/g><g id=\"gid_11\">laci<\/g><g id=\"gid_12\">a. En relation avec le \u00ab\u00a0Formulaire de contact\u00a0\u00bb :<\/g><\/g>ltrpresentationltrpresentationltrpresentationltrpresentationltrpresentationltrpresentationpresentationltrpresentationltrpresentationltrpresentationltrpresentationpresentationltrpresentation<span dir=\"ltr\" role=\"presentation\">Objet : <\/span> <span dir=\"ltr\" role=\"presentation\">G<\/span><span dir=\"ltr\" role=\"presentation\">esti\u00f3n, \u00e9tude et r\u00e9solution des consultations effectu\u00e9es<\/span><span dir=\"ltr\" role=\"presentation\">ainsi que l&rsquo;envoi de <\/span><span dir=\"ltr\" role=\"presentation\">l&rsquo;envoi de communications commerciales sur nos services, pour autant que l&rsquo;int\u00e9ress\u00e9 ait consenti au traitement de ses donn\u00e9es personnelles \u00e0 cette fin. <\/span><span dir=\"ltr\" role=\"presentation\">L&rsquo;int\u00e9ress\u00e9 a consenti au traitement de ses donn\u00e9es personnelles \u00e0 cette fin.<\/span><span dir=\"ltr\" role=\"presentation\">Onal data for this purpose. <\/span>ltrpresentationltrpresentationltrpresentationltrpresentationltrpresentationltrpresentationpresentationltrpresentation<span dir=\"ltr\" role=\"presentation\">L\u00e9gitimation<\/span><span dir=\"ltr\" role=\"presentation\">: <\/span><span dir=\"ltr\" role=\"presentation\">Le <\/span><span dir=\"ltr\" role=\"presentation\">consentement <\/span><span dir=\"ltr\" role=\"presentation\">de la <\/span><span dir=\"ltr\" role=\"presentation\">personne concern\u00e9e, <\/span><span dir=\"ltr\" role=\"presentation\">qui <\/span><span dir=\"ltr\" role=\"presentation\">peut <\/span><span dir=\"ltr\" role=\"presentation\">r\u00e9voquer <\/span><span dir=\"ltr\" role=\"presentation\">\u00e0 tout <\/span><span dir=\"ltr\" role=\"presentation\">\u00e0 tout moment <\/span><span dir=\"ltr\" role=\"presentation\">\u00e0 tout moment.<\/span>ltrpresentationltrpresentationltrpresentationltrpresentationltrpresentationltrpresentationltrpresentationltrpresentationltrpresentationltrpresentationltrpresentationpresentationpresentationltrpresentation<span dir=\"ltr\" role=\"presentation\">&#8211; Lorsque les donn\u00e9es demand\u00e9es dans les formulaires \u00e9lectroniques sont n\u00e9cessaires pour acc\u00e9der \u00e0 des fonctionnalit\u00e9s sp\u00e9cifiques du site web <\/span><span dir=\"ltr\" role=\"presentation\">acc\u00e9der \u00e0 des fonctionnalit\u00e9s sp\u00e9cifiques du site web, <\/span> <span dir=\"ltr\" role=\"presentation\">EFEC<\/span><span dir=\"ltr\" role=\"presentation\">TO SOLUCIONES, S.L<\/span> <span dir=\"ltr\" role=\"presentation\">indiquera <\/span><span dir=\"ltr\" role=\"presentation\">Les donn\u00e9es sont obligatoires au moment de la collecte des donn\u00e9es de l&rsquo;utilisateur et le fait de ne pas les fournir signifie que la demande correspondante ne peut pas \u00eatre satisfaite. <\/span><span dir=\"ltr\" role=\"presentation\">Si vous ne les fournissez pas, la demande correspondante ne pourra pas \u00eatre satisfaite.<\/span>ltrpresentationltrpresentationltrpresentationltrpresentationltrpresentationltrpresentation1.4 &#8211; A quels destinataires vos donn\u00e9es seront-elles communiqu\u00e9es ? Nous vous informons que nous ne divulguons pas vos donn\u00e9es personnelles \u00e0 des tiers, sauf si nous sommes l\u00e9galement oblig\u00e9s de le faire. Toutefois, les responsables du traitement des donn\u00e9es de la soci\u00e9t\u00e9, c&rsquo;est-\u00e0-dire les prestataires de services qui doivent acc\u00e9der \u00e0 vos donn\u00e9es pour exercer leurs fonctions, peuvent avoir acc\u00e8s \u00e0 vos donn\u00e9es personnelles.<br \/>\nLes prestataires de services qui acc\u00e8dent \u00e0 vos donn\u00e9es \u00e0 caract\u00e8re personnel sont g\u00e9n\u00e9ralement impliqu\u00e9s dans les syst\u00e8mes d&rsquo;information et la technologie.- Il n&rsquo;est pas pr\u00e9vu de transf\u00e9rer des donn\u00e9es \u00e0 des pays tiers.1.5 Quels sont vos droits lorsque vous nous fournissez vos donn\u00e9es ?Toute personne a le droit d&rsquo;obtenir la confirmation que l&rsquo;entreprise traite ou non des donn\u00e9es \u00e0 caract\u00e8re personnel la concernant.En particulier, vous pouvez contacter l&rsquo;entreprise \u00e0 son adresse postale ou \u00e0 l&rsquo;adresse \u00e9lectronique fournie dans le pr\u00e9sent document afin d&rsquo;exercer les droits suivants :list-style-type: none;Droit de demander l&rsquo;acc\u00e8s aux donn\u00e9es personnelles concernant la personne concern\u00e9e.Le droit de demander sa rectification ou son effacement.Le droit de demander la limitation du traitement.Droit d&rsquo;opposition au traitement.Droit \u00e0 la portabilit\u00e9 des donn\u00e9es.Vous pouvez demander les formulaires n\u00e9cessaires \u00e0 l&rsquo;exercice de ces droits en envoyant un courriel \u00e0 l&rsquo;adresse \u00e9lectronique indiqu\u00e9e dans le pr\u00e9sent document.Compte tenu du caract\u00e8re tr\u00e8s personnel de l&rsquo;exercice de l&rsquo;un de ces droits, vous devez joindre \u00e0 votre demande une copie de votre carte d&rsquo;identit\u00e9 ou d&rsquo;un document justificatif \u00e9quivalent.Vous pouvez vous adresser \u00e0 l&rsquo;Agence espagnole de protection des donn\u00e9es pour obtenir des informations compl\u00e9mentaires sur vos droits ou pour d\u00e9poser une plainte aupr\u00e8s d&rsquo;elle, en particulier lorsque vous n&rsquo;avez pas obtenu satisfaction dans l&rsquo;exercice de vos droits, en obtenant toutes les informations n\u00e9cessaires \u00e0 cet effet sur le site Web www.agpd.es.1.6 &#8211; Quelles sont les mesures de s\u00e9curit\u00e9 appliqu\u00e9es ? EFFECT SOLUCIONES, SL adopte \u00e0 tout moment les niveaux de s\u00e9curit\u00e9 requis par le RGPD adapt\u00e9s \u00e0 la nature des donn\u00e9es trait\u00e9es. Nonobstant ce qui pr\u00e9c\u00e8de, l&rsquo;Utilisateur doit tenir compte du fait que la s\u00e9curit\u00e9 des syst\u00e8mes n&rsquo;est pas imprenable et qu&rsquo;il peut y avoir des actions malveillantes de la part de tiers, bien que l&rsquo;entreprise utilise tous les moyens \u00e0 sa disposition pour \u00e9viter de telles actions. Vous pouvez demander plus d&rsquo;informations sur nos mesures de s\u00e9curit\u00e9 en envoyant un e-mail <a class=\"ql-link\" href=\"mailto:info@martinberrocal.com\" target=\"_blank\" rel=\"noopener noreferrer\">\u00e0 info@martinberrocal.com<\/a>mailto:info@martinberrocal.com_blanknoopener noreferrer<\/p>\n<p>L&rsquo;entreprise conservera vos donn\u00e9es personnelles pendant la dur\u00e9e n\u00e9cessaire en fonction des informations fournies et des p\u00e9riodes de conservation pr\u00e9vues par la r\u00e9glementation applicable.<\/p>\n<p><g id=\"gid_0\"><g id=\"gid_1\">EFECTO SOLUCIONES, S.L<\/g> <g id=\"gid_2\">traitera les donn\u00e9es personnelles fournies par les utilisateurs par le biais des formulaires \u00e9lectroniques disponibles sur le site web <\/g><g id=\"gid_3\">formulaires \u00e9lectroniques sur le site web <\/g> <g id=\"gid_4\">www.<\/g><g id=\"gid_5\">esseeds.com<\/g> <g id=\"gid_6\">pour les finalit\u00e9s suivantes <\/g><g id=\"gid_7\">identifi\u00e9es ci-dessous :<\/g> <\/g><g id=\"gid_8\"><br role=\"presentation\"><g id=\"gid_9\">a.<\/g> <g id=\"gid_10\">En mati\u00e8re de<\/g><g id=\"gid_11\">laci<\/g><g id=\"gid_12\">a. En relation avec le \u00ab\u00a0Formulaire de contact\u00a0\u00bb :<\/g><\/g>ltrpresentationltrpresentationltrpresentationltrpresentationltrpresentationltrpresentationpresentationltrpresentationltrpresentationltrpresentationltrpresentationpresentationltrpresentation<span dir=\"ltr\" role=\"presentation\">Objet : <\/span> <span dir=\"ltr\" role=\"presentation\">G<\/span><span dir=\"ltr\" role=\"presentation\">esti\u00f3n, \u00e9tude et r\u00e9solution des consultations effectu\u00e9es<\/span><span dir=\"ltr\" role=\"presentation\">ainsi que l&rsquo;envoi de <\/span><span dir=\"ltr\" role=\"presentation\">l&rsquo;envoi de communications commerciales sur nos services, pour autant que l&rsquo;int\u00e9ress\u00e9 ait consenti au traitement de ses donn\u00e9es personnelles \u00e0 cette fin. <\/span><span dir=\"ltr\" role=\"presentation\">L&rsquo;int\u00e9ress\u00e9 a consenti au traitement de ses donn\u00e9es personnelles \u00e0 cette fin.<\/span><span dir=\"ltr\" role=\"presentation\">Onal data for this purpose. <\/span>ltrpresentationltrpresentationltrpresentationltrpresentationltrpresentationltrpresentationpresentationltrpresentation<span dir=\"ltr\" role=\"presentation\">L\u00e9gitimation<\/span><span dir=\"ltr\" role=\"presentation\">: <\/span><span dir=\"ltr\" role=\"presentation\">Le <\/span><span dir=\"ltr\" role=\"presentation\">consentement <\/span><span dir=\"ltr\" role=\"presentation\">de la <\/span><span dir=\"ltr\" role=\"presentation\">personne concern\u00e9e, <\/span><span dir=\"ltr\" role=\"presentation\">qui <\/span><span dir=\"ltr\" role=\"presentation\">peut <\/span><span dir=\"ltr\" role=\"presentation\">r\u00e9voquer <\/span><span dir=\"ltr\" role=\"presentation\">\u00e0 tout <\/span><span dir=\"ltr\" role=\"presentation\">\u00e0 tout moment <\/span><span dir=\"ltr\" role=\"presentation\">\u00e0 tout moment.<\/span>ltrpresentationltrpresentationltrpresentationltrpresentationltrpresentationltrpresentationltrpresentationltrpresentationltrpresentationltrpresentationltrpresentationpresentationpresentationltrpresentation<span dir=\"ltr\" role=\"presentation\">&#8211; Lorsque les donn\u00e9es demand\u00e9es dans les formulaires \u00e9lectroniques sont n\u00e9cessaires pour acc\u00e9der \u00e0 des fonctionnalit\u00e9s sp\u00e9cifiques du site web <\/span><span dir=\"ltr\" role=\"presentation\">acc\u00e9der \u00e0 des fonctionnalit\u00e9s sp\u00e9cifiques du site web, <\/span> <span dir=\"ltr\" role=\"presentation\">EFEC<\/span><span dir=\"ltr\" role=\"presentation\">TO SOLUCIONES, S.L<\/span> <span dir=\"ltr\" role=\"presentation\">indiquera <\/span><span dir=\"ltr\" role=\"presentation\">Les donn\u00e9es sont obligatoires au moment de la collecte des donn\u00e9es de l&rsquo;utilisateur et le fait de ne pas les fournir signifie que la demande correspondante ne peut pas \u00eatre satisfaite. <\/span><span dir=\"ltr\" role=\"presentation\">Si vous ne les fournissez pas, la demande correspondante ne pourra pas \u00eatre satisfaite.<\/span>ltrpresentationltrpresentationltrpresentationltrpresentationltrpresentationltrpresentation1.4 &#8211; A quels destinataires vos donn\u00e9es seront-elles communiqu\u00e9es ? Nous vous informons que nous ne divulguons pas vos donn\u00e9es personnelles \u00e0 des tiers, sauf si nous sommes l\u00e9galement oblig\u00e9s de le faire. Toutefois, les responsables du traitement des donn\u00e9es de la soci\u00e9t\u00e9, c&rsquo;est-\u00e0-dire les prestataires de services qui doivent acc\u00e9der \u00e0 vos donn\u00e9es pour exercer leurs fonctions, peuvent avoir acc\u00e8s \u00e0 vos donn\u00e9es personnelles.<br \/>\nLes prestataires de services qui acc\u00e8dent \u00e0 vos donn\u00e9es \u00e0 caract\u00e8re personnel sont g\u00e9n\u00e9ralement impliqu\u00e9s dans les syst\u00e8mes d&rsquo;information et la technologie.- Il n&rsquo;est pas pr\u00e9vu de transf\u00e9rer des donn\u00e9es \u00e0 des pays tiers.1.5 Quels sont vos droits lorsque vous nous fournissez vos donn\u00e9es ?Toute personne a le droit d&rsquo;obtenir la confirmation que l&rsquo;entreprise traite ou non des donn\u00e9es \u00e0 caract\u00e8re personnel la concernant.En particulier, vous pouvez contacter l&rsquo;entreprise \u00e0 son adresse postale ou \u00e0 l&rsquo;adresse \u00e9lectronique fournie dans le pr\u00e9sent document afin d&rsquo;exercer les droits suivants :list-style-type: none;Droit de demander l&rsquo;acc\u00e8s aux donn\u00e9es personnelles concernant la personne concern\u00e9e.Le droit de demander sa rectification ou son effacement.Le droit de demander la limitation du traitement.Droit d&rsquo;opposition au traitement.Droit \u00e0 la portabilit\u00e9 des donn\u00e9es.Vous pouvez demander les formulaires n\u00e9cessaires \u00e0 l&rsquo;exercice de ces droits en envoyant un courriel \u00e0 l&rsquo;adresse \u00e9lectronique indiqu\u00e9e dans le pr\u00e9sent document.Compte tenu du caract\u00e8re tr\u00e8s personnel de l&rsquo;exercice de l&rsquo;un de ces droits, vous devez joindre \u00e0 votre demande une copie de votre carte d&rsquo;identit\u00e9 ou d&rsquo;un document justificatif \u00e9quivalent.Vous pouvez vous adresser \u00e0 l&rsquo;Agence espagnole de protection des donn\u00e9es pour obtenir des informations compl\u00e9mentaires sur vos droits ou pour d\u00e9poser une plainte aupr\u00e8s d&rsquo;elle, en particulier lorsque vous n&rsquo;avez pas obtenu satisfaction dans l&rsquo;exercice de vos droits, en obtenant toutes les informations n\u00e9cessaires \u00e0 cet effet sur le site Web www.agpd.es.1.6 &#8211; Quelles sont les mesures de s\u00e9curit\u00e9 appliqu\u00e9es ? EFFECT SOLUCIONES, SL adopte \u00e0 tout moment les niveaux de s\u00e9curit\u00e9 requis par le RGPD adapt\u00e9s \u00e0 la nature des donn\u00e9es trait\u00e9es. Nonobstant ce qui pr\u00e9c\u00e8de, l&rsquo;Utilisateur doit tenir compte du fait que la s\u00e9curit\u00e9 des syst\u00e8mes n&rsquo;est pas imprenable et qu&rsquo;il peut y avoir des actions malveillantes de la part de tiers, bien que l&rsquo;entreprise utilise tous les moyens \u00e0 sa disposition pour \u00e9viter de telles actions. Vous pouvez demander plus d&rsquo;informations sur nos mesures de s\u00e9curit\u00e9 en envoyant un e-mail <a class=\"ql-link\" href=\"mailto:info@martinberrocal.com\" target=\"_blank\" rel=\"noopener noreferrer\">\u00e0 info@martinberrocal.com<\/a>mailto:info@martinberrocal.com_blanknoopener noreferrer<span id=\"page28R_mcid29\" class=\"markedContent\"><br role=\"presentation\"><\/span><span id=\"page28R_mcid30\" class=\"markedContent\"><span dir=\"ltr\" role=\"presentation\">Objet : <\/span> <span dir=\"ltr\" role=\"presentation\">G<\/span><span dir=\"ltr\" role=\"presentation\">esti\u00f3n, \u00e9tude et r\u00e9solution des consultations effectu\u00e9es<\/span><span dir=\"ltr\" role=\"presentation\">ainsi que l&rsquo;envoi de <\/span><span dir=\"ltr\" role=\"presentation\">l&rsquo;envoi de communications commerciales sur nos services, pour autant que l&rsquo;int\u00e9ress\u00e9 ait consenti au traitement de ses donn\u00e9es personnelles \u00e0 cette fin. <\/span><span dir=\"ltr\" role=\"presentation\">L&rsquo;int\u00e9ress\u00e9 a consenti au traitement de ses donn\u00e9es personnelles \u00e0 cette fin.<\/span><span dir=\"ltr\" role=\"presentation\">Onal data for this purpose. <\/span>  <\/span><span id=\"page28R_mcid31\" class=\"markedContent\"><br role=\"presentation\"><span dir=\"ltr\" role=\"presentation\">L\u00e9gitimation<\/span><span dir=\"ltr\" role=\"presentation\">: <\/span><span dir=\"ltr\" role=\"presentation\">Le <\/span><span dir=\"ltr\" role=\"presentation\">consentement <\/span><span dir=\"ltr\" role=\"presentation\">de la <\/span><span dir=\"ltr\" role=\"presentation\">personne concern\u00e9e, <\/span><span dir=\"ltr\" role=\"presentation\">qui <\/span><span dir=\"ltr\" role=\"presentation\">peut <\/span><span dir=\"ltr\" role=\"presentation\">r\u00e9voquer <\/span><span dir=\"ltr\" role=\"presentation\">\u00e0 tout <\/span><span dir=\"ltr\" role=\"presentation\">\u00e0 tout moment <\/span><span dir=\"ltr\" role=\"presentation\">\u00e0 tout moment.<\/span> <\/span><span id=\"page28R_mcid32\" class=\"markedContent\"><br role=\"presentation\"><\/span><span id=\"page28R_mcid33\" class=\"markedContent\"><br role=\"presentation\"><\/span><span id=\"page28R_mcid34\" class=\"markedContent\"><span dir=\"ltr\" role=\"presentation\">&#8211; Lorsque les donn\u00e9es demand\u00e9es dans les formulaires \u00e9lectroniques sont n\u00e9cessaires pour acc\u00e9der \u00e0 des fonctionnalit\u00e9s sp\u00e9cifiques du site web <\/span><span dir=\"ltr\" role=\"presentation\">acc\u00e9der \u00e0 des fonctionnalit\u00e9s sp\u00e9cifiques du site web, <\/span> <span dir=\"ltr\" role=\"presentation\">EFEC<\/span><span dir=\"ltr\" role=\"presentation\">TO SOLUCIONES, S.L<\/span> <span dir=\"ltr\" role=\"presentation\">indiquera <\/span><span dir=\"ltr\" role=\"presentation\">Les donn\u00e9es sont obligatoires au moment de la collecte des donn\u00e9es de l&rsquo;utilisateur et le fait de ne pas les fournir signifie que la demande correspondante ne peut pas \u00eatre satisfaite. <\/span><span dir=\"ltr\" role=\"presentation\">Si vous ne les fournissez pas, la demande correspondante ne pourra pas \u00eatre satisfaite.<\/span><\/span><\/p>\n\t\t\t\t\t\t\t\t<\/div>\n\t\t\t\t<\/div>\n\t\t\t\t\t<\/div>\n\t\t<\/div>\n\t\t\t\t\t<\/div>\n\t\t<\/section>\n\t\t\t\t<section class=\"elementor-section elementor-top-section elementor-element elementor-element-3fb592ae elementor-section-boxed elementor-section-height-default elementor-section-height-default\" data-id=\"3fb592ae\" data-element_type=\"section\" data-e-type=\"section\">\n\t\t\t\t\t\t<div class=\"elementor-container elementor-column-gap-default\">\n\t\t\t\t\t<div class=\"elementor-column elementor-col-100 elementor-top-column elementor-element elementor-element-45824a73\" data-id=\"45824a73\" data-element_type=\"column\" data-e-type=\"column\">\n\t\t\t<div class=\"elementor-widget-wrap elementor-element-populated\">\n\t\t\t\t\t\t<div class=\"elementor-element elementor-element-6847c355 elementor-widget elementor-widget-heading\" data-id=\"6847c355\" data-element_type=\"widget\" data-e-type=\"widget\" id=\"i_legitimacion\" data-widget_type=\"heading.default\">\n\t\t\t\t<div class=\"elementor-widget-container\">\n\t\t\t\t\t<h3 class=\"elementor-heading-title elementor-size-default\">1.4 - A quels destinataires vos donn\u00e9es seront-elles communiqu\u00e9es ?  <\/h3>\t\t\t\t<\/div>\n\t\t\t\t<\/div>\n\t\t\t\t<div class=\"elementor-element elementor-element-7721f4e7 elementor-widget elementor-widget-text-editor\" data-id=\"7721f4e7\" data-element_type=\"widget\" data-e-type=\"widget\" data-widget_type=\"text-editor.default\">\n\t\t\t\t<div class=\"elementor-widget-container\">\n\t\t\t\t\t\t\t\t\t<p>Nous vous informons que nous ne divulguons pas vos donn\u00e9es personnelles \u00e0 des tiers, sauf si nous sommes l\u00e9galement oblig\u00e9s de le faire. Toutefois, les responsables du traitement des donn\u00e9es de la soci\u00e9t\u00e9, c&rsquo;est-\u00e0-dire les prestataires de services qui doivent acc\u00e9der \u00e0 vos donn\u00e9es pour exercer leurs fonctions, peuvent avoir acc\u00e8s \u00e0 vos donn\u00e9es personnelles.<br \/>\nLes prestataires de services qui acc\u00e8dent \u00e0 vos donn\u00e9es \u00e0 caract\u00e8re personnel sont g\u00e9n\u00e9ralement impliqu\u00e9s dans les syst\u00e8mes d&rsquo;information et la technologie. <br \/>&#8211; Il n&rsquo;est pas pr\u00e9vu de transf\u00e9rer des donn\u00e9es \u00e0 des pays tiers.<\/p>\n\t\t\t\t\t\t\t\t<\/div>\n\t\t\t\t<\/div>\n\t\t\t\t\t<\/div>\n\t\t<\/div>\n\t\t\t\t\t<\/div>\n\t\t<\/section>\n\t\t\t\t<section class=\"elementor-section elementor-top-section elementor-element elementor-element-5369ddda elementor-section-boxed elementor-section-height-default elementor-section-height-default\" data-id=\"5369ddda\" data-element_type=\"section\" data-e-type=\"section\">\n\t\t\t\t\t\t<div class=\"elementor-container elementor-column-gap-default\">\n\t\t\t\t\t<div class=\"elementor-column elementor-col-100 elementor-top-column elementor-element elementor-element-521260a7\" data-id=\"521260a7\" data-element_type=\"column\" data-e-type=\"column\">\n\t\t\t<div class=\"elementor-widget-wrap elementor-element-populated\">\n\t\t\t\t\t\t<div class=\"elementor-element elementor-element-17789350 elementor-widget elementor-widget-heading\" data-id=\"17789350\" data-element_type=\"widget\" data-e-type=\"widget\" id=\"i_info\" data-widget_type=\"heading.default\">\n\t\t\t\t<div class=\"elementor-widget-container\">\n\t\t\t\t\t<h3 class=\"elementor-heading-title elementor-size-default\">1.5 Quels sont vos droits lorsque vous nous fournissez vos donn\u00e9es ?<\/h3>\t\t\t\t<\/div>\n\t\t\t\t<\/div>\n\t\t\t\t<div class=\"elementor-element elementor-element-4a34da7 elementor-widget elementor-widget-text-editor\" data-id=\"4a34da7\" data-element_type=\"widget\" data-e-type=\"widget\" data-widget_type=\"text-editor.default\">\n\t\t\t\t<div class=\"elementor-widget-container\">\n\t\t\t\t\t\t\t\t\t<p>Toute personne a le droit d&rsquo;obtenir la confirmation que l&rsquo;entreprise traite ou non des donn\u00e9es \u00e0 caract\u00e8re personnel la concernant.<\/p>\n<p>En particulier, vous pouvez contacter l&rsquo;entreprise \u00e0 son adresse postale ou \u00e0 l&rsquo;adresse \u00e9lectronique fournie dans le pr\u00e9sent document afin d&rsquo;exercer les droits suivants :<\/p>\n<ul>\n<li style=\"list-style-type: none;\">\n<ul>\n<li>Droit de demander l&rsquo;acc\u00e8s aux donn\u00e9es personnelles concernant la personne concern\u00e9e.<\/li>\n<li>Le droit de demander sa rectification ou son effacement.<\/li>\n<li>Le droit de demander la limitation du traitement.<\/li>\n<li>Droit d&rsquo;opposition au traitement.<\/li>\n<li>Droit \u00e0 la portabilit\u00e9 des donn\u00e9es.<\/li>\n<\/ul>\n<\/li>\n<\/ul>\n<p>Vous pouvez demander les formulaires n\u00e9cessaires \u00e0 l&rsquo;exercice de ces droits en envoyant un courriel \u00e0 l&rsquo;adresse \u00e9lectronique indiqu\u00e9e dans le pr\u00e9sent document.<\/p>\n<p>Compte tenu du caract\u00e8re tr\u00e8s personnel de l&rsquo;exercice de l&rsquo;un de ces droits, vous devez joindre \u00e0 votre demande une copie de votre carte d&rsquo;identit\u00e9 ou d&rsquo;un document justificatif \u00e9quivalent.<\/p>\n<p>Vous pouvez vous adresser \u00e0 l&rsquo;Agence espagnole de protection des donn\u00e9es pour obtenir des informations compl\u00e9mentaires sur vos droits ou pour d\u00e9poser une plainte aupr\u00e8s d&rsquo;elle, en particulier lorsque vous n&rsquo;avez pas obtenu satisfaction dans l&rsquo;exercice de vos droits, en obtenant toutes les informations n\u00e9cessaires \u00e0 cet effet sur le site Web www.agpd.es.<\/p>\n\t\t\t\t\t\t\t\t<\/div>\n\t\t\t\t<\/div>\n\t\t\t\t\t<\/div>\n\t\t<\/div>\n\t\t\t\t\t<\/div>\n\t\t<\/section>\n\t\t\t\t<section class=\"elementor-section elementor-top-section elementor-element elementor-element-c71926b elementor-section-boxed elementor-section-height-default elementor-section-height-default\" data-id=\"c71926b\" data-element_type=\"section\" data-e-type=\"section\">\n\t\t\t\t\t\t<div class=\"elementor-container elementor-column-gap-default\">\n\t\t\t\t\t<div class=\"elementor-column elementor-col-100 elementor-top-column elementor-element elementor-element-5e2d801b\" data-id=\"5e2d801b\" data-element_type=\"column\" data-e-type=\"column\">\n\t\t\t<div class=\"elementor-widget-wrap elementor-element-populated\">\n\t\t\t\t\t\t<div class=\"elementor-element elementor-element-64316a07 elementor-widget elementor-widget-heading\" data-id=\"64316a07\" data-element_type=\"widget\" data-e-type=\"widget\" data-widget_type=\"heading.default\">\n\t\t\t\t<div class=\"elementor-widget-container\">\n\t\t\t\t\t<h3 class=\"elementor-heading-title elementor-size-default\">1.6 - Quelles sont les mesures de s\u00e9curit\u00e9 appliqu\u00e9es ?  <\/h3>\t\t\t\t<\/div>\n\t\t\t\t<\/div>\n\t\t\t\t<div class=\"elementor-element elementor-element-e9c581f elementor-widget elementor-widget-text-editor\" data-id=\"e9c581f\" data-element_type=\"widget\" data-e-type=\"widget\" data-widget_type=\"text-editor.default\">\n\t\t\t\t<div class=\"elementor-widget-container\">\n\t\t\t\t\t\t\t\t\t<p>EFFECT SOLUCIONES, SL adopte \u00e0 tout moment les niveaux de s\u00e9curit\u00e9 requis par le RGPD adapt\u00e9s \u00e0 la nature des donn\u00e9es trait\u00e9es. Nonobstant ce qui pr\u00e9c\u00e8de, l&rsquo;Utilisateur doit tenir compte du fait que la s\u00e9curit\u00e9 des syst\u00e8mes n&rsquo;est pas imprenable et qu&rsquo;il peut y avoir des actions malveillantes de la part de tiers, bien que l&rsquo;entreprise utilise tous les moyens \u00e0 sa disposition pour \u00e9viter de telles actions. Vous pouvez demander plus d&rsquo;informations sur nos mesures de s\u00e9curit\u00e9 en envoyant un e-mail <a class=\"ql-link\" href=\"mailto:info@martinberrocal.com\" target=\"_blank\" rel=\"noopener noreferrer\">\u00e0 info@martinberrocal.com<\/a>  <\/p>\n\t\t\t\t\t\t\t\t<\/div>\n\t\t\t\t<\/div>\n\t\t\t\t\t<\/div>\n\t\t<\/div>\n\t\t\t\t\t<\/div>\n\t\t<\/section>\n\t\t\t\t<\/div>\n\t\t","protected":false},"excerpt":{"rendered":"<p>POLITIQUE DE CONFIDENTIALIT\u00c9 Cette politique de confidentialit\u00e9 s&rsquo;applique au traitement des donn\u00e9es personnelles des clients et\/ou utilisateurs du site www.martinberrocal.com dont le responsable du traitement est EFECTO SOLUCIONES, SL CONFIDENTIALIT\u00c9 ET PROTECTION DES DONN\u00c9ES L&rsquo;objectif de cette politique de confidentialit\u00e9 est de fournir des informations sur vos droits en vertu des dispositions du R\u00c8GLEMENT (UE) [&hellip;]<\/p>\n","protected":false},"author":1,"featured_media":0,"parent":0,"menu_order":0,"comment_status":"closed","ping_status":"closed","template":"","meta":{"iawp_total_views":1,"footnotes":""},"class_list":["post-970","page","type-page","status-publish","hentry"],"_links":{"self":[{"href":"https:\/\/martinberrocal.com\/fr\/wp-json\/wp\/v2\/pages\/970","targetHints":{"allow":["GET"]}}],"collection":[{"href":"https:\/\/martinberrocal.com\/fr\/wp-json\/wp\/v2\/pages"}],"about":[{"href":"https:\/\/martinberrocal.com\/fr\/wp-json\/wp\/v2\/types\/page"}],"author":[{"embeddable":true,"href":"https:\/\/martinberrocal.com\/fr\/wp-json\/wp\/v2\/users\/1"}],"replies":[{"embeddable":true,"href":"https:\/\/martinberrocal.com\/fr\/wp-json\/wp\/v2\/comments?post=970"}],"version-history":[{"count":2,"href":"https:\/\/martinberrocal.com\/fr\/wp-json\/wp\/v2\/pages\/970\/revisions"}],"predecessor-version":[{"id":973,"href":"https:\/\/martinberrocal.com\/fr\/wp-json\/wp\/v2\/pages\/970\/revisions\/973"}],"wp:attachment":[{"href":"https:\/\/martinberrocal.com\/fr\/wp-json\/wp\/v2\/media?parent=970"}],"curies":[{"name":"wp","href":"https:\/\/api.w.org\/{rel}","templated":true}]}}